{"id":820,"date":"2022-02-18T15:54:43","date_gmt":"2022-02-18T15:54:43","guid":{"rendered":"https:\/\/www.saspeelland.nl\/kerken-in-kempen-peelland\/?page_id=820"},"modified":"2022-02-20T10:53:24","modified_gmt":"2022-02-20T10:53:24","slug":"historisch-bouwkundig-perspectief","status":"publish","type":"page","link":"https:\/\/www.saspeelland.nl\/kerken-in-kempen-peelland\/perspectief\/historisch-bouwkundig-perspectief\/","title":{"rendered":"De kerken en kerktorens vanuit historisch-bouwkundig perspectief"},"content":{"rendered":"\t\t<div data-elementor-type=\"wp-page\" data-elementor-id=\"820\" class=\"elementor elementor-820\">\n\t\t\t\t\t\t\t\t\t<section class=\"elementor-section elementor-top-section elementor-element elementor-element-6ce64161 elementor-section-boxed elementor-section-height-default elementor-section-height-default\" data-id=\"6ce64161\" data-element_type=\"section\">\n\t\t\t\t\t\t<div class=\"elementor-container elementor-column-gap-default\">\n\t\t\t\t\t<div class=\"elementor-column elementor-col-100 elementor-top-column elementor-element elementor-element-4c509bc5\" data-id=\"4c509bc5\" data-element_type=\"column\">\n\t\t\t<div class=\"elementor-widget-wrap elementor-element-populated\">\n\t\t\t\t\t\t\t\t<div class=\"elementor-element elementor-element-2e7909fd elementor-widget elementor-widget-heading\" data-id=\"2e7909fd\" data-element_type=\"widget\" data-widget_type=\"heading.default\">\n\t\t\t\t<div class=\"elementor-widget-container\">\n\t\t\t<style>\/*! elementor - v3.11.5 - 14-03-2023 *\/\n.elementor-heading-title{padding:0;margin:0;line-height:1}.elementor-widget-heading .elementor-heading-title[class*=elementor-size-]>a{color:inherit;font-size:inherit;line-height:inherit}.elementor-widget-heading .elementor-heading-title.elementor-size-small{font-size:15px}.elementor-widget-heading .elementor-heading-title.elementor-size-medium{font-size:19px}.elementor-widget-heading .elementor-heading-title.elementor-size-large{font-size:29px}.elementor-widget-heading .elementor-heading-title.elementor-size-xl{font-size:39px}.elementor-widget-heading .elementor-heading-title.elementor-size-xxl{font-size:59px}<\/style><h2 class=\"elementor-heading-title elementor-size-default\">Plaats van de kerken in het Rijk van Dommel en Aa binnen de Kempense gotiek<\/h2>\t\t<\/div>\n\t\t\t\t<\/div>\n\t\t\t\t<div class=\"elementor-element elementor-element-6ccd5ab2 elementor-widget elementor-widget-heading\" data-id=\"6ccd5ab2\" data-element_type=\"widget\" data-widget_type=\"heading.default\">\n\t\t\t\t<div class=\"elementor-widget-container\">\n\t\t\t<h3 class=\"elementor-heading-title elementor-size-default\">De hier besproken kerktorens maken deel uit van kerken die een voorbeeld waren\/zijn van de Kempense Gotiek.<\/h3>\t\t<\/div>\n\t\t\t\t<\/div>\n\t\t\t\t<section class=\"elementor-section elementor-inner-section elementor-element elementor-element-1d5ef7fa elementor-section-boxed elementor-section-height-default elementor-section-height-default\" data-id=\"1d5ef7fa\" data-element_type=\"section\">\n\t\t\t\t\t\t<div class=\"elementor-container elementor-column-gap-default\">\n\t\t\t\t\t<div class=\"elementor-column elementor-col-50 elementor-inner-column elementor-element elementor-element-5fa1d587\" data-id=\"5fa1d587\" data-element_type=\"column\">\n\t\t\t<div class=\"elementor-widget-wrap elementor-element-populated\">\n\t\t\t\t\t\t\t\t<div class=\"elementor-element elementor-element-ecdcdab elementor-widget elementor-widget-text-editor\" data-id=\"ecdcdab\" data-element_type=\"widget\" data-widget_type=\"text-editor.default\">\n\t\t\t\t<div class=\"elementor-widget-container\">\n\t\t\t<style>\/*! elementor - v3.11.5 - 14-03-2023 *\/\n.elementor-widget-text-editor.elementor-drop-cap-view-stacked .elementor-drop-cap{background-color:#818a91;color:#fff}.elementor-widget-text-editor.elementor-drop-cap-view-framed .elementor-drop-cap{color:#818a91;border:3px solid;background-color:transparent}.elementor-widget-text-editor:not(.elementor-drop-cap-view-default) .elementor-drop-cap{margin-top:8px}.elementor-widget-text-editor:not(.elementor-drop-cap-view-default) .elementor-drop-cap-letter{width:1em;height:1em}.elementor-widget-text-editor .elementor-drop-cap{float:left;text-align:center;line-height:1;font-size:50px}.elementor-widget-text-editor .elementor-drop-cap-letter{display:inline-block}<\/style>\t\t\t\t<p>\u2018De toegenomen welvaart zorgde vanaf de 14e eeuw in de steden van het hertogdom Brabant voor toenemende bouwactiviteiten, die vooral gericht waren op het (ver)bouwen van kerken in de stijl van de Brabantse gotiek. Daarbij greep men terug op de Franse gotiek van het eind van de 12e eeuw, maar de kerken werden soberder van vorm, minder rijzig en hadden een kooromgang. Naast de algemene gotische elementen als spitsbogen, traceringen, hogels en wimbergen, zijn de ronde zuilen met koolbladkapitelen kenmerkend. In plaats van een front met twee torens kwam een enkele westtoren met een open architectuur en steunberen op de hoeken, die door hun versnijdingen de toren naar boven toe ranker maakten. De Bossche St. Jan is het belangrijkste voorbeeld van de gotiek.\u2019 In de loop van de 15e eeuw was deze architectuurschool juist herkenbaar aan de torens waarin men veel vrije ontplooiing vond. De Kempense bouwmeesters betoonden grote afwisseling in behandeling en vindingrijkheid.<\/p>\t\t\t\t\t\t<\/div>\n\t\t\t\t<\/div>\n\t\t\t\t\t<\/div>\n\t\t<\/div>\n\t\t\t\t<div class=\"elementor-column elementor-col-50 elementor-inner-column elementor-element elementor-element-26ad1946\" data-id=\"26ad1946\" data-element_type=\"column\">\n\t\t\t<div class=\"elementor-widget-wrap elementor-element-populated\">\n\t\t\t\t\t\t\t\t<div class=\"elementor-element elementor-element-5c1867a9 elementor-widget elementor-widget-image\" data-id=\"5c1867a9\" data-element_type=\"widget\" data-widget_type=\"image.default\">\n\t\t\t\t<div class=\"elementor-widget-container\">\n\t\t\t<style>\/*! elementor - v3.11.5 - 14-03-2023 *\/\n.elementor-widget-image{text-align:center}.elementor-widget-image a{display:inline-block}.elementor-widget-image a img[src$=\".svg\"]{width:48px}.elementor-widget-image img{vertical-align:middle;display:inline-block}<\/style>\t\t\t\t\t\t\t\t\t\t\t\t<img decoding=\"async\" width=\"266\" height=\"150\" src=\"https:\/\/www.saspeelland.nl\/kerken-in-kempen-peelland\/wp-content\/uploads\/sites\/2\/2021\/12\/reconstructieAarle-min.jpg\" class=\"attachment-large size-large wp-image-682\" alt=\"\" loading=\"lazy\" \/>\t\t\t\t\t\t\t\t\t\t\t\t\t\t\t<\/div>\n\t\t\t\t<\/div>\n\t\t\t\t\t<\/div>\n\t\t<\/div>\n\t\t\t\t\t\t\t<\/div>\n\t\t<\/section>\n\t\t\t\t\t<\/div>\n\t\t<\/div>\n\t\t\t\t\t\t\t<\/div>\n\t\t<\/section>\n\t\t\t\t<section class=\"elementor-section elementor-top-section elementor-element elementor-element-26b0c1bd elementor-section-boxed elementor-section-height-default elementor-section-height-default\" data-id=\"26b0c1bd\" data-element_type=\"section\">\n\t\t\t\t\t\t<div class=\"elementor-container elementor-column-gap-default\">\n\t\t\t\t\t<div class=\"elementor-column elementor-col-50 elementor-top-column elementor-element elementor-element-441b2597\" data-id=\"441b2597\" data-element_type=\"column\">\n\t\t\t<div class=\"elementor-widget-wrap elementor-element-populated\">\n\t\t\t\t\t\t\t\t<div class=\"elementor-element elementor-element-22b9e046 elementor-widget elementor-widget-heading\" data-id=\"22b9e046\" data-element_type=\"widget\" data-widget_type=\"heading.default\">\n\t\t\t\t<div class=\"elementor-widget-container\">\n\t\t\t<h4 class=\"elementor-heading-title elementor-size-default\">Regio Kempen<\/h4>\t\t<\/div>\n\t\t\t\t<\/div>\n\t\t\t\t<div class=\"elementor-element elementor-element-17fdd3ac elementor-widget elementor-widget-text-editor\" data-id=\"17fdd3ac\" data-element_type=\"widget\" data-widget_type=\"text-editor.default\">\n\t\t\t\t<div class=\"elementor-widget-container\">\n\t\t\t\t\t\t\t<p>In de Kempen werden in de 15e en 16e eeuw als regionale variant eenvoudige driebeukige kerken gebouwd in baksteen. Hier werd geen natuursteen gevonden die zo kenmerkend was voor de gotische kerken elders het hertogdom, vooral in het ge\u00fcrbaniseerde zuiden. In de Kempen waren ook geen bevaarbare wateren waardoor transport van elders mogelijk was. Het meest karakteristiek voor de Kempengotiek zijn de monumentale bakstenen westtorens, die in hun decoratie verwantschap vertonen met de grote kapittelkerken van Antwerpen, Mechelen en Breda. Deze torens bestaan vrijwel steeds uit drie lagen (geledingen) met galmgaten in de bovenste. Soms zijn ze geheel onversierd en hebben ze ook geen steunberen (Nederwetten, Stiphout v\u00f3\u00f3r de verhoging, Gerwen v\u00f3\u00f3r de verhoging). Rijker van vorm en onderling verwant zijn de torens van Son, Breugel en Beek en Donk. Behalve de vlakken van de toren heeft men daar ook de steunberen versierd wat het geheel een zekere deftigheid verleende.<\/p>\t\t\t\t\t\t<\/div>\n\t\t\t\t<\/div>\n\t\t\t\t\t<\/div>\n\t\t<\/div>\n\t\t\t\t<div class=\"elementor-column elementor-col-50 elementor-top-column elementor-element elementor-element-31e91b83\" data-id=\"31e91b83\" data-element_type=\"column\">\n\t\t\t<div class=\"elementor-widget-wrap elementor-element-populated\">\n\t\t\t\t\t\t\t\t<div class=\"elementor-element elementor-element-285520db elementor-widget elementor-widget-image\" data-id=\"285520db\" data-element_type=\"widget\" data-widget_type=\"image.default\">\n\t\t\t\t<div class=\"elementor-widget-container\">\n\t\t\t\t\t\t\t\t\t\t\t\t\t\t\t<img decoding=\"async\" width=\"260\" height=\"260\" src=\"https:\/\/www.saspeelland.nl\/kerken-in-kempen-peelland\/wp-content\/uploads\/sites\/2\/2021\/12\/kerkterrein-min.jpg\" class=\"attachment-large size-large wp-image-683\" alt=\"\" loading=\"lazy\" srcset=\"https:\/\/www.saspeelland.nl\/kerken-in-kempen-peelland\/wp-content\/uploads\/sites\/2\/2021\/12\/kerkterrein-min.jpg 260w, https:\/\/www.saspeelland.nl\/kerken-in-kempen-peelland\/wp-content\/uploads\/sites\/2\/2021\/12\/kerkterrein-min-150x150.jpg 150w, https:\/\/www.saspeelland.nl\/kerken-in-kempen-peelland\/wp-content\/uploads\/sites\/2\/2021\/12\/kerkterrein-min-230x230.jpg 230w\" sizes=\"(max-width: 260px) 100vw, 260px\" \/>\t\t\t\t\t\t\t\t\t\t\t\t\t\t\t<\/div>\n\t\t\t\t<\/div>\n\t\t\t\t\t<\/div>\n\t\t<\/div>\n\t\t\t\t\t\t\t<\/div>\n\t\t<\/section>\n\t\t\t\t<section class=\"elementor-section elementor-top-section elementor-element elementor-element-2d0f45bf elementor-section-boxed elementor-section-height-default elementor-section-height-default\" data-id=\"2d0f45bf\" data-element_type=\"section\">\n\t\t\t\t\t\t<div class=\"elementor-container elementor-column-gap-default\">\n\t\t\t\t\t<div class=\"elementor-column elementor-col-50 elementor-top-column elementor-element elementor-element-4ecdd8ea\" data-id=\"4ecdd8ea\" data-element_type=\"column\">\n\t\t\t<div class=\"elementor-widget-wrap elementor-element-populated\">\n\t\t\t\t\t\t\t\t<div class=\"elementor-element elementor-element-1818cfe elementor-widget elementor-widget-heading\" data-id=\"1818cfe\" data-element_type=\"widget\" data-widget_type=\"heading.default\">\n\t\t\t\t<div class=\"elementor-widget-container\">\n\t\t\t<h4 class=\"elementor-heading-title elementor-size-default\">Rijk van Dommel en Aa<\/h4>\t\t<\/div>\n\t\t\t\t<\/div>\n\t\t\t\t<div class=\"elementor-element elementor-element-6e94efcd elementor-widget elementor-widget-text-editor\" data-id=\"6e94efcd\" data-element_type=\"widget\" data-widget_type=\"text-editor.default\">\n\t\t\t\t<div class=\"elementor-widget-container\">\n\t\t\t\t\t\t\t<p>De kerken en kerktorens in het Rijk van Dommel en Aa worden door bouw of architectuurhistoricus H. Strijbos gekarakteriseerd als een opmerkelijke groep laatmiddeleeuwse kerken. Ze zijn allen van het basilicale type, waar aan de buitenzijde van de lichtbeuk de ramen per travee worden geflankeerd door twee of meer spaarvelden. Deze kerken worden geschaard onder de \u2018Helmondse groep\u2019. De stijl van de Helmondse groep wordt getypeerd door een overwegend lichte bouw, uitgevoerd in baksteen. De dakconstructie bestaat uit een houten kap boven een gestukadoord of gemetseld gewelf. Inwendig worden de muren gedragen door ronde zuilen en soms door pijlers. Steunberen schragen de muren aan de buitenkant. In de totale vormgeving speelt de spitsboog een overwegende rol. Grote boogopeningen, ramen en in het oog springende details zijn steeds met een spitsboog uitgevoerd.\u00a0 Het gebied waar dit kenmerk algemeen voorkomt, wordt afgebakend door de grens die op de volgende afbeelding voorkomt:<\/p>\t\t\t\t\t\t<\/div>\n\t\t\t\t<\/div>\n\t\t\t\t<div class=\"elementor-element elementor-element-004804c elementor-widget elementor-widget-text-editor\" data-id=\"004804c\" data-element_type=\"widget\" data-widget_type=\"text-editor.default\">\n\t\t\t\t<div class=\"elementor-widget-container\">\n\t\t\t\t\t\t\t<p>Niet alle plaatsen binnen het betrokken gebied zijn met een H gemarkeerd, maar in enkele gevallen betreft het dan eenbeukige kerken of kapellen (zoals Aarle), die geen verhoogde middenbeuk hebben en derhalve de voor de Helmondse groep kenmerkende spaarvelden ter weerszijden van de lichtbeukramen moeten missen. In Gerwen kan het metselwerk tussen de lichtbeukramen zoals blijkt uit bouwsporen ooit zijn veranderd en heeft men de spaarvelden mogelijk verwijderd. Mierlo vertoont ook de kenmerken van de \u2018Helmondse groep\u2019. Hier waren ze te vinden aan de noordzijde van de lichtbeuk. In Beek en Donk is de kerk al in 1813 gesloopt, bovendien zijn er maar weinig details van bekend.<\/p>\t\t\t\t\t\t<\/div>\n\t\t\t\t<\/div>\n\t\t\t\t<div class=\"elementor-element elementor-element-3c4f450 elementor-widget elementor-widget-text-editor\" data-id=\"3c4f450\" data-element_type=\"widget\" data-widget_type=\"text-editor.default\">\n\t\t\t\t<div class=\"elementor-widget-container\">\n\t\t\t\t\t\t\t<p>In 2013 werd door de SAS, tevens namens betrokken heemkundekringen en de Priesterbroederschap St Pius X een volgende fase van het project gestart, waarvoor subsidie ontvangen werd vanuit de provincie Noord-Brabant en vanuit het Peelnetwerk. Het doel van dit vervolg was om de betrokken kerklocaties vooral visueel te verbeelden en daarvoor informatiemiddelen te realiseren. Naast een algemeen inleidend filmpje over middeleeuwse kerklocaties zijn er filmpjes gemaakt van elke betrokken kerklocatie afzonderlijk. Alle filmpjes zijn op een DVD beschikbaar, maar ook toegankelijk via You Tube (zie https:\/\/youtu.be\/rLIsfYaaSYY). Ook zijn voor alle locaties oprolbanners gemaakt met informatie over de historie. Middelen die op de Torendag zullen worden ingezet.<\/p>\t\t\t\t\t\t<\/div>\n\t\t\t\t<\/div>\n\t\t\t\t\t<\/div>\n\t\t<\/div>\n\t\t\t\t<div class=\"elementor-column elementor-col-50 elementor-top-column elementor-element elementor-element-2a0e7f8c\" data-id=\"2a0e7f8c\" data-element_type=\"column\">\n\t\t\t<div class=\"elementor-widget-wrap elementor-element-populated\">\n\t\t\t\t\t\t\t\t<div class=\"elementor-element elementor-element-3fffa0b1 elementor-widget elementor-widget-image\" data-id=\"3fffa0b1\" data-element_type=\"widget\" data-widget_type=\"image.default\">\n\t\t\t\t<div class=\"elementor-widget-container\">\n\t\t\t\t\t\t\t\t\t\t\t\t<figure class=\"wp-caption\">\n\t\t\t\t\t\t\t\t\t\t<img decoding=\"async\" width=\"447\" height=\"469\" src=\"https:\/\/www.saspeelland.nl\/kerken-in-kempen-peelland\/wp-content\/uploads\/sites\/2\/2022\/02\/kerkenbinnendehelmondseg-min.jpg\" class=\"attachment-large size-large wp-image-837\" alt=\"kerken binnen de helmondse g\" loading=\"lazy\" srcset=\"https:\/\/www.saspeelland.nl\/kerken-in-kempen-peelland\/wp-content\/uploads\/sites\/2\/2022\/02\/kerkenbinnendehelmondseg-min.jpg 447w, https:\/\/www.saspeelland.nl\/kerken-in-kempen-peelland\/wp-content\/uploads\/sites\/2\/2022\/02\/kerkenbinnendehelmondseg-min-286x300.jpg 286w\" sizes=\"(max-width: 447px) 100vw, 447px\" \/>\t\t\t\t\t\t\t\t\t\t\t<figcaption class=\"widget-image-caption wp-caption-text\">Reconstructie van de verdwenen ker op de Tomakker in Nuenen.<\/figcaption>\n\t\t\t\t\t\t\t\t\t\t<\/figure>\n\t\t\t\t\t\t\t\t\t<\/div>\n\t\t\t\t<\/div>\n\t\t\t\t<div class=\"elementor-element elementor-element-67eb882e elementor-widget elementor-widget-text-editor\" data-id=\"67eb882e\" data-element_type=\"widget\" data-widget_type=\"text-editor.default\">\n\t\t\t\t<div class=\"elementor-widget-container\">\n\t\t\t\t\t\t\t<p><em>Afbeelding: De kerken binnen de Helmondse groep, aangeduid met een H en het gebied van de Heer van Helmond (gearceerd), wat grofweg het gebied aanduidt van de kerken en kerktorens van het Rijk van Dommel en Aa (naar Strijbos 1999).<\/em><\/p>\t\t\t\t\t\t<\/div>\n\t\t\t\t<\/div>\n\t\t\t\t\t<\/div>\n\t\t<\/div>\n\t\t\t\t\t\t\t<\/div>\n\t\t<\/section>\n\t\t\t\t<section class=\"elementor-section elementor-top-section elementor-element elementor-element-45a5373 elementor-section-boxed elementor-section-height-default elementor-section-height-default\" data-id=\"45a5373\" data-element_type=\"section\">\n\t\t\t\t\t\t<div class=\"elementor-container elementor-column-gap-default\">\n\t\t\t\t\t<div class=\"elementor-column elementor-col-50 elementor-top-column elementor-element elementor-element-1502b7be\" data-id=\"1502b7be\" data-element_type=\"column\">\n\t\t\t<div class=\"elementor-widget-wrap elementor-element-populated\">\n\t\t\t\t\t\t\t\t<div class=\"elementor-element elementor-element-4df0a003 elementor-widget elementor-widget-heading\" data-id=\"4df0a003\" data-element_type=\"widget\" data-widget_type=\"heading.default\">\n\t\t\t\t<div class=\"elementor-widget-container\">\n\t\t\t<h5 class=\"elementor-heading-title elementor-size-default\">En verder...<\/h5>\t\t<\/div>\n\t\t\t\t<\/div>\n\t\t\t\t<div class=\"elementor-element elementor-element-363942d elementor-icon-list--layout-traditional elementor-list-item-link-full_width elementor-widget elementor-widget-icon-list\" data-id=\"363942d\" data-element_type=\"widget\" data-widget_type=\"icon-list.default\">\n\t\t\t\t<div class=\"elementor-widget-container\">\n\t\t\t<link rel=\"stylesheet\" href=\"https:\/\/www.saspeelland.nl\/kerken-in-kempen-peelland\/wp-content\/plugins\/elementor\/assets\/css\/widget-icon-list.min.css\">\t\t<ul class=\"elementor-icon-list-items\">\n\t\t\t\t\t\t\t<li class=\"elementor-icon-list-item\">\n\t\t\t\t\t\t\t\t\t\t\t<a href=\"https:\/\/www.saspeelland.nl\/kerken-in-kempen-peelland\/perspectief\/dorpsontwikkeling\/\">\n\n\t\t\t\t\t\t\t\t\t\t\t\t<span class=\"elementor-icon-list-icon\">\n\t\t\t\t\t\t\t<i aria-hidden=\"true\" class=\"fas fa-check\"><\/i>\t\t\t\t\t\t<\/span>\n\t\t\t\t\t\t\t\t\t\t<span class=\"elementor-icon-list-text\">Dorpsontwikkeling<\/span>\n\t\t\t\t\t\t\t\t\t\t\t<\/a>\n\t\t\t\t\t\t\t\t\t<\/li>\n\t\t\t\t\t\t\t\t<li class=\"elementor-icon-list-item\">\n\t\t\t\t\t\t\t\t\t\t\t<a href=\"https:\/\/www.saspeelland.nl\/kerken-in-kempen-peelland\/perspectief\/regionaal-perspectief\/\">\n\n\t\t\t\t\t\t\t\t\t\t\t\t<span class=\"elementor-icon-list-icon\">\n\t\t\t\t\t\t\t<i aria-hidden=\"true\" class=\"fas fa-check\"><\/i>\t\t\t\t\t\t<\/span>\n\t\t\t\t\t\t\t\t\t\t<span class=\"elementor-icon-list-text\">Regionaal Perspectief<\/span>\n\t\t\t\t\t\t\t\t\t\t\t<\/a>\n\t\t\t\t\t\t\t\t\t<\/li>\n\t\t\t\t\t\t\t\t<li class=\"elementor-icon-list-item\">\n\t\t\t\t\t\t\t\t\t\t\t<a href=\"https:\/\/www.saspeelland.nl\/kerken-in-kempen-peelland\/perspectief\/sociaal-economisch-perspectief\/\">\n\n\t\t\t\t\t\t\t\t\t\t\t\t<span class=\"elementor-icon-list-icon\">\n\t\t\t\t\t\t\t<i aria-hidden=\"true\" class=\"fas fa-check\"><\/i>\t\t\t\t\t\t<\/span>\n\t\t\t\t\t\t\t\t\t\t<span class=\"elementor-icon-list-text\">Sociaal \/ Economisch Perspectief<\/span>\n\t\t\t\t\t\t\t\t\t\t\t<\/a>\n\t\t\t\t\t\t\t\t\t<\/li>\n\t\t\t\t\t\t\t\t<li class=\"elementor-icon-list-item\">\n\t\t\t\t\t\t\t\t\t\t\t<a href=\"https:\/\/www.saspeelland.nl\/kerken-in-kempen-peelland\/perspectief\/landschappelijk-perspectief\/\">\n\n\t\t\t\t\t\t\t\t\t\t\t\t<span class=\"elementor-icon-list-icon\">\n\t\t\t\t\t\t\t<i aria-hidden=\"true\" class=\"fas fa-check\"><\/i>\t\t\t\t\t\t<\/span>\n\t\t\t\t\t\t\t\t\t\t<span class=\"elementor-icon-list-text\">Landschappelijk Perspectief<\/span>\n\t\t\t\t\t\t\t\t\t\t\t<\/a>\n\t\t\t\t\t\t\t\t\t<\/li>\n\t\t\t\t\t\t\t\t<li class=\"elementor-icon-list-item\">\n\t\t\t\t\t\t\t\t\t\t\t<a href=\"https:\/\/www.saspeelland.nl\/kerken-in-kempen-peelland\/perspectief\/cultureel-mentaal-perspectief\/\">\n\n\t\t\t\t\t\t\t\t\t\t\t\t<span class=\"elementor-icon-list-icon\">\n\t\t\t\t\t\t\t<i aria-hidden=\"true\" class=\"fas fa-check\"><\/i>\t\t\t\t\t\t<\/span>\n\t\t\t\t\t\t\t\t\t\t<span class=\"elementor-icon-list-text\">Cultureel Perspectief<\/span>\n\t\t\t\t\t\t\t\t\t\t\t<\/a>\n\t\t\t\t\t\t\t\t\t<\/li>\n\t\t\t\t\t\t\t\t<li class=\"elementor-icon-list-item\">\n\t\t\t\t\t\t\t\t\t\t\t<a href=\"https:\/\/www.saspeelland.nl\/kerken-in-kempen-peelland\/perspectief\/historisch-bouwkundig-perspectief\/\">\n\n\t\t\t\t\t\t\t\t\t\t\t\t<span class=\"elementor-icon-list-icon\">\n\t\t\t\t\t\t\t<i aria-hidden=\"true\" class=\"fas fa-check\"><\/i>\t\t\t\t\t\t<\/span>\n\t\t\t\t\t\t\t\t\t\t<span class=\"elementor-icon-list-text\">Bouwkundig Perspectief<\/span>\n\t\t\t\t\t\t\t\t\t\t\t<\/a>\n\t\t\t\t\t\t\t\t\t<\/li>\n\t\t\t\t\t\t\t\t<li class=\"elementor-icon-list-item\">\n\t\t\t\t\t\t\t\t\t\t\t<a href=\"https:\/\/www.saspeelland.nl\/kerken-in-kempen-peelland\/perspectief\/bestuurlijk-politiek-perspectief\/\">\n\n\t\t\t\t\t\t\t\t\t\t\t\t<span class=\"elementor-icon-list-icon\">\n\t\t\t\t\t\t\t<i aria-hidden=\"true\" class=\"fas fa-check\"><\/i>\t\t\t\t\t\t<\/span>\n\t\t\t\t\t\t\t\t\t\t<span class=\"elementor-icon-list-text\">Bestuurlijk Perspectief<\/span>\n\t\t\t\t\t\t\t\t\t\t\t<\/a>\n\t\t\t\t\t\t\t\t\t<\/li>\n\t\t\t\t\t\t<\/ul>\n\t\t\t\t<\/div>\n\t\t\t\t<\/div>\n\t\t\t\t\t<\/div>\n\t\t<\/div>\n\t\t\t\t<div class=\"elementor-column elementor-col-50 elementor-top-column elementor-element elementor-element-44f63eba\" data-id=\"44f63eba\" data-element_type=\"column\">\n\t\t\t<div class=\"elementor-widget-wrap\">\n\t\t\t\t\t\t\t\t\t<\/div>\n\t\t<\/div>\n\t\t\t\t\t\t\t<\/div>\n\t\t<\/section>\n\t\t\t\t\t\t\t<\/div>\n\t\t","protected":false},"excerpt":{"rendered":"<p>Plaats van de kerken in het Rijk van Dommel en Aa binnen de Kempense gotiek De hier besproken kerktorens maken deel uit van kerken die een voorbeeld waren\/zijn van de Kempense Gotiek. \u2018De toegenomen welvaart zorgde vanaf de 14e eeuw<\/p>\n","protected":false},"author":1,"featured_media":0,"parent":695,"menu_order":0,"comment_status":"closed","ping_status":"closed","template":"elementor_header_footer","meta":[],"_links":{"self":[{"href":"https:\/\/www.saspeelland.nl\/kerken-in-kempen-peelland\/wp-json\/wp\/v2\/pages\/820"}],"collection":[{"href":"https:\/\/www.saspeelland.nl\/kerken-in-kempen-peelland\/wp-json\/wp\/v2\/pages"}],"about":[{"href":"https:\/\/www.saspeelland.nl\/kerken-in-kempen-peelland\/wp-json\/wp\/v2\/types\/page"}],"author":[{"embeddable":true,"href":"https:\/\/www.saspeelland.nl\/kerken-in-kempen-peelland\/wp-json\/wp\/v2\/users\/1"}],"replies":[{"embeddable":true,"href":"https:\/\/www.saspeelland.nl\/kerken-in-kempen-peelland\/wp-json\/wp\/v2\/comments?post=820"}],"version-history":[{"count":7,"href":"https:\/\/www.saspeelland.nl\/kerken-in-kempen-peelland\/wp-json\/wp\/v2\/pages\/820\/revisions"}],"predecessor-version":[{"id":909,"href":"https:\/\/www.saspeelland.nl\/kerken-in-kempen-peelland\/wp-json\/wp\/v2\/pages\/820\/revisions\/909"}],"up":[{"embeddable":true,"href":"https:\/\/www.saspeelland.nl\/kerken-in-kempen-peelland\/wp-json\/wp\/v2\/pages\/695"}],"wp:attachment":[{"href":"https:\/\/www.saspeelland.nl\/kerken-in-kempen-peelland\/wp-json\/wp\/v2\/media?parent=820"}],"curies":[{"name":"wp","href":"https:\/\/api.w.org\/{rel}","templated":true}]}}