{"id":1668,"date":"2025-05-04T18:23:43","date_gmt":"2025-05-04T18:23:43","guid":{"rendered":"https:\/\/www.saspeelland.nl\/kerken-in-kempen-peelland\/?page_id=1668"},"modified":"2025-05-04T18:34:49","modified_gmt":"2025-05-04T18:34:49","slug":"nicolaaskerk-in-valkenswaard","status":"publish","type":"page","link":"https:\/\/www.saspeelland.nl\/kerken-in-kempen-peelland\/nicolaaskerk-in-valkenswaard\/","title":{"rendered":"Nicolaaskerk in Valkenswaard"},"content":{"rendered":"\t\t<div data-elementor-type=\"wp-page\" data-elementor-id=\"1668\" class=\"elementor elementor-1668\">\n\t\t\t\t\t\t\t\t\t<section class=\"elementor-section elementor-top-section elementor-element elementor-element-7e1b4d71 elementor-section-boxed elementor-section-height-default elementor-section-height-default\" data-id=\"7e1b4d71\" data-element_type=\"section\">\n\t\t\t\t\t\t<div class=\"elementor-container elementor-column-gap-default\">\n\t\t\t\t\t<div class=\"elementor-column elementor-col-100 elementor-top-column elementor-element elementor-element-5c739986\" data-id=\"5c739986\" data-element_type=\"column\">\n\t\t\t<div class=\"elementor-widget-wrap elementor-element-populated\">\n\t\t\t\t\t\t\t\t<div class=\"elementor-element elementor-element-7ca735b7 elementor-widget elementor-widget-heading\" data-id=\"7ca735b7\" data-element_type=\"widget\" data-widget_type=\"heading.default\">\n\t\t\t\t<div class=\"elementor-widget-container\">\n\t\t\t<style>\/*! elementor - v3.11.5 - 14-03-2023 *\/\n.elementor-heading-title{padding:0;margin:0;line-height:1}.elementor-widget-heading .elementor-heading-title[class*=elementor-size-]>a{color:inherit;font-size:inherit;line-height:inherit}.elementor-widget-heading .elementor-heading-title.elementor-size-small{font-size:15px}.elementor-widget-heading .elementor-heading-title.elementor-size-medium{font-size:19px}.elementor-widget-heading .elementor-heading-title.elementor-size-large{font-size:29px}.elementor-widget-heading .elementor-heading-title.elementor-size-xl{font-size:39px}.elementor-widget-heading .elementor-heading-title.elementor-size-xxl{font-size:59px}<\/style><h2 class=\"elementor-heading-title elementor-size-xxl\">De middeleeuwse Nicolaaskerk in Valkenswaard<\/h2>\t\t<\/div>\n\t\t\t\t<\/div>\n\t\t\t\t\t<\/div>\n\t\t<\/div>\n\t\t\t\t\t\t\t<\/div>\n\t\t<\/section>\n\t\t\t\t<section class=\"elementor-section elementor-top-section elementor-element elementor-element-64681d93 elementor-section-boxed elementor-section-height-default elementor-section-height-default\" data-id=\"64681d93\" data-element_type=\"section\">\n\t\t\t\t\t\t<div class=\"elementor-container elementor-column-gap-default\">\n\t\t\t\t\t<div class=\"elementor-column elementor-col-100 elementor-top-column elementor-element elementor-element-582a7dec\" data-id=\"582a7dec\" data-element_type=\"column\">\n\t\t\t<div class=\"elementor-widget-wrap elementor-element-populated\">\n\t\t\t\t\t\t\t\t<div class=\"elementor-element elementor-element-77f55463 elementor-widget elementor-widget-text-editor\" data-id=\"77f55463\" data-element_type=\"widget\" data-widget_type=\"text-editor.default\">\n\t\t\t\t<div class=\"elementor-widget-container\">\n\t\t\t<style>\/*! elementor - v3.11.5 - 14-03-2023 *\/\n.elementor-widget-text-editor.elementor-drop-cap-view-stacked .elementor-drop-cap{background-color:#818a91;color:#fff}.elementor-widget-text-editor.elementor-drop-cap-view-framed .elementor-drop-cap{color:#818a91;border:3px solid;background-color:transparent}.elementor-widget-text-editor:not(.elementor-drop-cap-view-default) .elementor-drop-cap{margin-top:8px}.elementor-widget-text-editor:not(.elementor-drop-cap-view-default) .elementor-drop-cap-letter{width:1em;height:1em}.elementor-widget-text-editor .elementor-drop-cap{float:left;text-align:center;line-height:1;font-size:50px}.elementor-widget-text-editor .elementor-drop-cap-letter{display:inline-block}<\/style>\t\t\t\t<h3>Een verdwenen kerk op een monumentale begraafplaats<\/h3>\t\t\t\t\t\t<\/div>\n\t\t\t\t<\/div>\n\t\t\t\t\t<\/div>\n\t\t<\/div>\n\t\t\t\t\t\t\t<\/div>\n\t\t<\/section>\n\t\t\t\t<section class=\"elementor-section elementor-top-section elementor-element elementor-element-7dfa91a elementor-section-boxed elementor-section-height-default elementor-section-height-default\" data-id=\"7dfa91a\" data-element_type=\"section\">\n\t\t\t\t\t\t<div class=\"elementor-container elementor-column-gap-default\">\n\t\t\t\t\t<div class=\"elementor-column elementor-col-100 elementor-top-column elementor-element elementor-element-154861e\" data-id=\"154861e\" data-element_type=\"column\">\n\t\t\t<div class=\"elementor-widget-wrap elementor-element-populated\">\n\t\t\t\t\t\t\t\t<div class=\"elementor-element elementor-element-71f75dcd elementor-widget elementor-widget-image\" data-id=\"71f75dcd\" data-element_type=\"widget\" data-widget_type=\"image.default\">\n\t\t\t\t<div class=\"elementor-widget-container\">\n\t\t\t<style>\/*! elementor - v3.11.5 - 14-03-2023 *\/\n.elementor-widget-image{text-align:center}.elementor-widget-image a{display:inline-block}.elementor-widget-image a img[src$=\".svg\"]{width:48px}.elementor-widget-image img{vertical-align:middle;display:inline-block}<\/style>\t\t\t\t\t\t\t\t\t\t\t\t<img decoding=\"async\" width=\"274\" height=\"300\" src=\"https:\/\/www.saspeelland.nl\/kerken-in-kempen-peelland\/wp-content\/uploads\/sites\/2\/2025\/05\/tekening-oude-Nicolaaskerk-door-Verhees-274x300-1.jpg\" class=\"attachment-medium_large size-medium_large wp-image-1670\" alt=\"\" loading=\"lazy\" \/>\t\t\t\t\t\t\t\t\t\t\t\t\t\t\t<\/div>\n\t\t\t\t<\/div>\n\t\t\t\t\t<\/div>\n\t\t<\/div>\n\t\t\t\t\t\t\t<\/div>\n\t\t<\/section>\n\t\t\t\t<section class=\"elementor-section elementor-top-section elementor-element elementor-element-db434ce elementor-section-boxed elementor-section-height-default elementor-section-height-default\" data-id=\"db434ce\" data-element_type=\"section\">\n\t\t\t\t\t\t<div class=\"elementor-container elementor-column-gap-default\">\n\t\t\t\t\t<div class=\"elementor-column elementor-col-50 elementor-top-column elementor-element elementor-element-100b329a\" data-id=\"100b329a\" data-element_type=\"column\">\n\t\t\t<div class=\"elementor-widget-wrap elementor-element-populated\">\n\t\t\t\t\t\t\t\t<div class=\"elementor-element elementor-element-19929e0b elementor-widget elementor-widget-text-editor\" data-id=\"19929e0b\" data-element_type=\"widget\" data-widget_type=\"text-editor.default\">\n\t\t\t\t<div class=\"elementor-widget-container\">\n\t\t\t\t\t\t\t<h1><strong><span style=\"font-family: 'Arial Narrow',sans-serif;color: red\">Kempisch gotische kerk<\/span><\/strong><\/h1><p><strong><span style=\"color: #2b2b2b;font-family: Lato, sans-serif;font-size: 16px;font-style: normal\">Op de Oude Begraafplaats is door middel van bestrating de plattegrond weergegeven van de middeleeuwse Nicolaaskerk welke werd gebouwd na 1497 in de stijl van de Kempische gotiek. In 1500 werd de kerk ingewijd, maar het valt te betwijfelen of de toren toen ook al gereed was. In die tijd was het namelijk gebruikelijk om de bouwdelen na elkaar op te trekken, te beginnen bij het koor, vervolgens het schip en de toren als laatste. Een kerk werd niet alleen gebouwd met een religieus motief, maar als enige stenen gebouw ook als toevluchtsoord met de torenklok als \u2018alarmsirene\u2019 en de toren als bewaarplaats van de \u2018comme\u2019: een kist met daarin het dorpsarchief. En verder was de kerk ook een statussymbool en een ontmoetingsplek.<\/span><\/strong><\/p><p><strong><span style=\"color: #2b2b2b;font-family: Lato, sans-serif;font-size: 16px;font-style: normal\">Zie voor meer info:\u00a0<\/span><\/strong><a style=\"font-size: 16px\" href=\"https:\/\/www.opdenrosheuvel.nl\/\">opdenrosheuvel.nl<\/a><\/p>\t\t\t\t\t\t<\/div>\n\t\t\t\t<\/div>\n\t\t\t\t\t<\/div>\n\t\t<\/div>\n\t\t\t\t<div class=\"elementor-column elementor-col-50 elementor-top-column elementor-element elementor-element-2998f624\" data-id=\"2998f624\" data-element_type=\"column\">\n\t\t\t<div class=\"elementor-widget-wrap elementor-element-populated\">\n\t\t\t\t\t\t\t\t<div class=\"elementor-element elementor-element-4c59e28f elementor-widget elementor-widget-text-editor\" data-id=\"4c59e28f\" data-element_type=\"widget\" data-widget_type=\"text-editor.default\">\n\t\t\t\t<div class=\"elementor-widget-container\">\n\t\t\t\t\t\t\t<p><span style=\"font-size: 12.0pt;font-family: 'Arial Narrow',sans-serif;color: red\"><b>De Nicolaaskerk<\/b><\/span><\/p><p>Straalsgewijs moeten de oude verbindingen hebben gelopen van de kerk naar de gehuchten.\u00a0De kerk is voor zover bekend twee maal in beeld gebracht. In 1738 maakte J. de Beyer, een in die tijd bekend illustrator, een tekening van de kerk. (zie hierboven) De kerk stond zoals dat algemeen gebruikelijk was \u2018<em style=\"font-size: 16px\">geori\u00ebnteerd<\/em>\u2018: de langsas was oost-west gericht met de toren op het westen en het koor op het oosten. Het was een eenvoudige \u00e9\u00e9n-beukige dorpskerk met een totale lengte van ca. 39m. Het schip telde vijf travee\u00ebn en werd aan de oostzijde afgesloten met een koor dat uit twee travee\u00ebn bestond en dat was voorzien van een driezijdige koorsluiting. Naar alle waarschijnlijkheid had het schip geen stenen overwelving maar een houten kap met een houten tongewelf. Het koor kan ook op die wijze zijn overdekt, maar hier zou ook een gemetseld gewelf toegepast kunnen zijn.<\/p><p>Aan de westzijde bevond zich een uit vier geledingen opgebouwde toren die werd bekroond door een betrekkelijk lage, geknikte spits volgens het model dat zo karakteristiek is voor de kempische gotiek.<\/p><p>Aan de zuid-oostzijde werd hij geflankeerd door een over de onderste drie geledingen doorlopende traptoren.<\/p>\t\t\t\t\t\t<\/div>\n\t\t\t\t<\/div>\n\t\t\t\t\t<\/div>\n\t\t<\/div>\n\t\t\t\t\t\t\t<\/div>\n\t\t<\/section>\n\t\t\t\t<section class=\"elementor-section elementor-top-section elementor-element elementor-element-5be75779 elementor-section-boxed elementor-section-height-default elementor-section-height-default\" data-id=\"5be75779\" data-element_type=\"section\">\n\t\t\t\t\t\t<div class=\"elementor-container elementor-column-gap-default\">\n\t\t\t\t\t<div class=\"elementor-column elementor-col-50 elementor-top-column elementor-element elementor-element-3136f79b\" data-id=\"3136f79b\" data-element_type=\"column\">\n\t\t\t<div class=\"elementor-widget-wrap elementor-element-populated\">\n\t\t\t\t\t\t\t\t<div class=\"elementor-element elementor-element-7776940f elementor-widget elementor-widget-image\" data-id=\"7776940f\" data-element_type=\"widget\" data-widget_type=\"image.default\">\n\t\t\t\t<div class=\"elementor-widget-container\">\n\t\t\t\t\t\t\t\t\t\t\t\t\t\t\t<img decoding=\"async\" width=\"468\" height=\"500\" src=\"https:\/\/www.saspeelland.nl\/kerken-in-kempen-peelland\/wp-content\/uploads\/sites\/2\/2025\/05\/Oude-kerk-Vwaard.jpg\" class=\"attachment-large size-large wp-image-1671\" alt=\"\" loading=\"lazy\" srcset=\"https:\/\/www.saspeelland.nl\/kerken-in-kempen-peelland\/wp-content\/uploads\/sites\/2\/2025\/05\/Oude-kerk-Vwaard.jpg 468w, https:\/\/www.saspeelland.nl\/kerken-in-kempen-peelland\/wp-content\/uploads\/sites\/2\/2025\/05\/Oude-kerk-Vwaard-281x300.jpg 281w\" sizes=\"(max-width: 468px) 100vw, 468px\" \/>\t\t\t\t\t\t\t\t\t\t\t\t\t\t\t<\/div>\n\t\t\t\t<\/div>\n\t\t\t\t\t<\/div>\n\t\t<\/div>\n\t\t\t\t<div class=\"elementor-column elementor-col-50 elementor-top-column elementor-element elementor-element-5fe885d0\" data-id=\"5fe885d0\" data-element_type=\"column\">\n\t\t\t<div class=\"elementor-widget-wrap elementor-element-populated\">\n\t\t\t\t\t\t\t\t<div class=\"elementor-element elementor-element-5d459819 elementor-widget elementor-widget-text-editor\" data-id=\"5d459819\" data-element_type=\"widget\" data-widget_type=\"text-editor.default\">\n\t\t\t\t<div class=\"elementor-widget-container\">\n\t\t\t\t\t\t\t<h1 class=\"MsoNoSpacing\"><span style=\"font-size: 12.0pt;font-family: 'Arial Narrow',sans-serif;color: red\"><b>Het<\/b> <b>kerkhof<\/b><\/span><\/h1><p><strong><span style=\"color: #2b2b2b;font-family: Lato, sans-serif;font-size: 16px;font-style: normal\">Het gebouw is waarschijnlijk in twee fasen gebouwd, eerst het koor en het schip en daarna pas de toren. Deze werkwijze is niet alleen gebruikelijk in die tijd, maar bovendien bleek dat uit de analyse van de maatvoering die in 2002 nodig was om tot reconstructie van de plattegrond te komen. In deze stelling worden we nog gesterkt door de tekening van Verhees die de meest westelijke steunbeer van het schip nadrukkelijk naast de traptoren laat zien. We moeten er zodoende rekening mee houden dat de toren pas na 1500 is gerealiseerd. Van 1497 tot 1502 was Anthonius Sbruynincx de eerste bedienaar van de nieuwe kerk.<\/span><\/strong><\/p><p style=\"font-family: Lato, sans-serif;font-style: normal;font-weight: 400;margin-bottom: 24px;color: #2b2b2b\"><strong>Zoals overal gebruikelijk werd niet alleen rond de kerk, maar ook in het gebouw zelf begraven. Omdat het begraafrecht in de kerk veel hoger was dan buiten op het kerkhof waren het de meer welgestelden die in de kerk hun laatste rustplaats vonden. Verder was er dan nog het verschil tussen het schip van de kerk en het koor. Op 10 februari 1779 vond, voor zover bekend, de laatste bijzetting plaats in de kerk: \u201c<em style=\"font-size: 16px\">1-10-0 De heer Stellie luijtenant ter dienste deser lande<\/em>\u201c.<\/strong><\/p><p style=\"font-family: Lato, sans-serif;font-style: normal;font-weight: 400;margin-bottom: 24px;color: #2b2b2b\"><strong>Na de Vrede van Munster die in 1648 een einde maakte aan de Tachtigjarige Oorlog werden alle kerkelijke bezittingen verbeurd verklaard. De kerk werd toegewezen aan de Nederduitsch Gereformeerde Kerk die tot bevoorrechte staatsgodsdienst werd verklaard.<\/strong><\/p>\t\t\t\t\t\t<\/div>\n\t\t\t\t<\/div>\n\t\t\t\t\t<\/div>\n\t\t<\/div>\n\t\t\t\t\t\t\t<\/div>\n\t\t<\/section>\n\t\t\t\t\t\t\t<\/div>\n\t\t","protected":false},"excerpt":{"rendered":"<p>\/*! elementor &#8211; v3.11.5 &#8211; 14-03-2023 *\/ .elementor-heading-title{padding:0;margin:0;line-height:1}.elementor-widget-heading .elementor-heading-title[class*=elementor-size-]&gt;a{color:inherit;font-size:inherit;line-height:inherit}.elementor-widget-heading .elementor-heading-title.elementor-size-small{font-size:15px}.elementor-widget-heading .elementor-heading-title.elementor-size-medium{font-size:19px}.elementor-widget-heading .elementor-heading-title.elementor-size-large{font-size:29px}.elementor-widget-heading .elementor-heading-title.elementor-size-xl{font-size:39px}.elementor-widget-heading .elementor-heading-title.elementor-size-xxl{font-size:59px} De middeleeuwse Nicolaaskerk in Valkenswaard Een verdwenen kerk op een monumentale begraafplaats \/*! elementor &#8211; v3.11.5 &#8211; 14-03-2023 *\/ .elementor-widget-image{text-align:center}.elementor-widget-image a{display:inline-block}.elementor-widget-image a img[src$=&#8221;.svg&#8221;]{width:48px}.elementor-widget-image img{vertical-align:middle;display:inline-block} Kempisch gotische<\/p>\n","protected":false},"author":3,"featured_media":0,"parent":0,"menu_order":0,"comment_status":"closed","ping_status":"closed","template":"","meta":[],"_links":{"self":[{"href":"https:\/\/www.saspeelland.nl\/kerken-in-kempen-peelland\/wp-json\/wp\/v2\/pages\/1668"}],"collection":[{"href":"https:\/\/www.saspeelland.nl\/kerken-in-kempen-peelland\/wp-json\/wp\/v2\/pages"}],"about":[{"href":"https:\/\/www.saspeelland.nl\/kerken-in-kempen-peelland\/wp-json\/wp\/v2\/types\/page"}],"author":[{"embeddable":true,"href":"https:\/\/www.saspeelland.nl\/kerken-in-kempen-peelland\/wp-json\/wp\/v2\/users\/3"}],"replies":[{"embeddable":true,"href":"https:\/\/www.saspeelland.nl\/kerken-in-kempen-peelland\/wp-json\/wp\/v2\/comments?post=1668"}],"version-history":[{"count":8,"href":"https:\/\/www.saspeelland.nl\/kerken-in-kempen-peelland\/wp-json\/wp\/v2\/pages\/1668\/revisions"}],"predecessor-version":[{"id":1678,"href":"https:\/\/www.saspeelland.nl\/kerken-in-kempen-peelland\/wp-json\/wp\/v2\/pages\/1668\/revisions\/1678"}],"wp:attachment":[{"href":"https:\/\/www.saspeelland.nl\/kerken-in-kempen-peelland\/wp-json\/wp\/v2\/media?parent=1668"}],"curies":[{"name":"wp","href":"https:\/\/api.w.org\/{rel}","templated":true}]}}